{"id":245,"date":"2023-03-21T10:47:38","date_gmt":"2023-03-21T09:47:38","guid":{"rendered":"https:\/\/www.rdadvocaten.nl\/?page_id=245"},"modified":"2023-04-03T18:16:06","modified_gmt":"2023-04-03T16:16:06","slug":"nederlands-paspoort-naturalisatie","status":"publish","type":"page","link":"https:\/\/www.rdadvocaten.nl\/tr\/vreemdelingenrecht\/regulier\/nederlands-paspoort-naturalisatie\/","title":{"rendered":"Hollanda pasaportu (vatanda\u015fl\u0131\u011fa kabul)"},"content":{"rendered":"<section class=\"section\" id=\"section_392403862\">\n\t\t<div class=\"bg section-bg fill bg-fill  bg-loaded\" >\n\n\t\t\t\n\t\t\t\n\t\t\t\n\n\t\t<\/div>\n\n\t\t\n\n\t\t<div class=\"section-content relative\">\n\t\t\t\n<div class=\"row row-collapse\"  id=\"row-252622425\">\n\n\t<div id=\"col-2146696894\" class=\"col small-12 large-12\"  >\n\t\t\t\t<div class=\"col-inner\"  >\n\t\t\t\n\t\t\t\n<div class=\"container section-title-container\" ><h1 class=\"section-title section-title-center\"><b><\/b><span class=\"section-title-main\" >Hollanda pasaportu (vatanda\u015fl\u0131\u011fa kabul)<\/span><b><\/b><\/h1><\/div>\n\t\t<\/div>\n\t\t\t\t\t<\/div>\n\n\t\n<\/div>\n<div class=\"row align-middle\"  id=\"row-1710512557\">\n\n\t<div id=\"col-1849036243\" class=\"col medium-6 small-12 large-6\"  >\n\t\t\t\t<div class=\"col-inner\"  >\n\t\t\t\n\t\t\t\n\t<div class=\"img has-hover x md-x lg-x y md-y lg-y\" id=\"image_1953210654\">\n\t\t\t\t\t\t\t\t<div class=\"img-inner dark\" >\n\t\t\t<img loading=\"lazy\" decoding=\"async\" width=\"1000\" height=\"634\" src=\"https:\/\/www.rdadvocaten.nl\/wp-content\/uploads\/2023\/04\/brieven2.jpg\" class=\"attachment-large size-large\" alt=\"\" srcset=\"https:\/\/www.rdadvocaten.nl\/wp-content\/uploads\/2023\/04\/brieven2.jpg 1000w, https:\/\/www.rdadvocaten.nl\/wp-content\/uploads\/2023\/04\/brieven2-300x190.jpg 300w, https:\/\/www.rdadvocaten.nl\/wp-content\/uploads\/2023\/04\/brieven2-768x487.jpg 768w, https:\/\/www.rdadvocaten.nl\/wp-content\/uploads\/2023\/04\/brieven2-18x12.jpg 18w\" sizes=\"auto, (max-width: 1000px) 100vw, 1000px\" \/>\t\t\t\t\t\t\n\t\t\t\t\t<\/div>\n\t\t\t\t\t\t\t\t\n<style>\n#image_1953210654 {\n  width: 100%;\n}\n<\/style>\n\t<\/div>\n\t\n\t\t<\/div>\n\t\t\t\t\t<\/div>\n\n\t\n\n\t<div id=\"col-517585415\" class=\"col medium-6 small-12 large-6\"  >\n\t\t\t\t<div class=\"col-inner\"  >\n\t\t\t\n\t\t\t\n<p>Hollanda vatanda\u015fl\u0131\u011f\u0131na ge\u00e7mek istiyorsan\u0131z veya vatanda\u015fl\u0131\u011f\u0131n\u0131z geri al\u0131nm\u0131\u015fsa ya da vatanda\u015fl\u0131\u011fa\nge\u00e7me talebiniz reddedilmi\u015fse, l\u00fctfen bizimle ileti\u015fime ge\u00e7in. Vatanda\u015fl\u0131\u011fa kabul i\u00e7in uygunlu\u011funuz\nHollanda Vatanda\u015fl\u0131k Yasas\u0131 uyar\u0131nca de\u011ferlendirilir. Avukatlar\u0131m\u0131z vatanda\u015fl\u0131\u011fa kabul prosed\u00fcr\u00fcne\nhaz\u0131rlan\u0131rken ve prosed\u00fcr s\u0131ras\u0131nda size rehberlik edebilir.<\/p>\n<p>Ayr\u0131ca, belki de Chavez-Vilchez - Hollandal\u0131 re\u015fit olmayan bir \u00e7ocu\u011funuz varsa - incelemesinden \u00f6nce\nsize veya bir aile \u00fcyesine pasaport verilmesinin reddedildi\u011fi durumlar da olabilir. Avukatlar\u0131m\u0131z bu t\u00fcr\ndavalarda da deneyim sahibidir.<\/p>\n<a href=\"tel:+31762050810\" target=\"_self\" class=\"button primary lowercase\"  >\n  <i class=\"icon-phone\" aria-hidden=\"true\" ><\/i>  <span>+31 (0)76 205 0810<\/span>\n  <\/a>\n\n\n<a href=\"mailto:info@rdadvocaten.nl\" target=\"_self\" class=\"button primary lowercase\"  >\n  <i class=\"icon-envelop\" aria-hidden=\"true\" ><\/i>  <span>info@rdadvocaten.nl<\/span>\n  <\/a>\n\n\t\t<\/div>\n\t\t\t\t\t<\/div>\n\n\t\n<\/div>\n\t\t<\/div>\n\n\t\t\n<style>\n#section_392403862 {\n  padding-top: 30px;\n  padding-bottom: 30px;\n}\n#section_392403862 .ux-shape-divider--top svg {\n  height: 150px;\n  --divider-top-width: 100%;\n}\n#section_392403862 .ux-shape-divider--bottom svg {\n  height: 150px;\n  --divider-width: 100%;\n}\n<\/style>\n\t<\/section>","protected":false},"excerpt":{"rendered":"","protected":false},"author":1,"featured_media":0,"parent":94,"menu_order":0,"comment_status":"closed","ping_status":"closed","template":"page-blank.php","meta":{"footnotes":""},"class_list":["post-245","page","type-page","status-publish","hentry"],"yoast_head":"<!-- This site is optimized with the Yoast SEO plugin v27.4 - https:\/\/yoast.com\/product\/yoast-seo-wordpress\/ -->\n<title>Nederlands paspoort (naturalisatie) - RD Advocaten<\/title>\n<meta name=\"robots\" content=\"index, follow, max-snippet:-1, max-image-preview:large, max-video-preview:-1\" \/>\n<link rel=\"canonical\" href=\"https:\/\/www.rdadvocaten.nl\/tr\/vreemdelingenrecht\/regulier\/nederlands-paspoort-naturalisatie\/\" \/>\n<meta property=\"og:locale\" content=\"tr_TR\" \/>\n<meta property=\"og:type\" content=\"article\" \/>\n<meta property=\"og:title\" content=\"Nederlands paspoort (naturalisatie) - RD Advocaten\" \/>\n<meta property=\"og:url\" content=\"https:\/\/www.rdadvocaten.nl\/tr\/vreemdelingenrecht\/regulier\/nederlands-paspoort-naturalisatie\/\" \/>\n<meta property=\"og:site_name\" content=\"RD Advocaten\" \/>\n<meta property=\"article:modified_time\" content=\"2023-04-03T16:16:06+00:00\" \/>\n<meta name=\"twitter:card\" content=\"summary_large_image\" \/>\n<script type=\"application\/ld+json\" class=\"yoast-schema-graph\">{\"@context\":\"https:\\\/\\\/schema.org\",\"@graph\":[{\"@type\":\"WebPage\",\"@id\":\"https:\\\/\\\/www.rdadvocaten.nl\\\/vreemdelingenrecht\\\/regulier\\\/nederlands-paspoort-naturalisatie\\\/\",\"url\":\"https:\\\/\\\/www.rdadvocaten.nl\\\/vreemdelingenrecht\\\/regulier\\\/nederlands-paspoort-naturalisatie\\\/\",\"name\":\"Nederlands paspoort (naturalisatie) - RD Advocaten\",\"isPartOf\":{\"@id\":\"https:\\\/\\\/www.rdadvocaten.nl\\\/#website\"},\"datePublished\":\"2023-03-21T09:47:38+00:00\",\"dateModified\":\"2023-04-03T16:16:06+00:00\",\"breadcrumb\":{\"@id\":\"https:\\\/\\\/www.rdadvocaten.nl\\\/vreemdelingenrecht\\\/regulier\\\/nederlands-paspoort-naturalisatie\\\/#breadcrumb\"},\"inLanguage\":\"tr\",\"potentialAction\":[{\"@type\":\"ReadAction\",\"target\":[\"https:\\\/\\\/www.rdadvocaten.nl\\\/vreemdelingenrecht\\\/regulier\\\/nederlands-paspoort-naturalisatie\\\/\"]}]},{\"@type\":\"BreadcrumbList\",\"@id\":\"https:\\\/\\\/www.rdadvocaten.nl\\\/vreemdelingenrecht\\\/regulier\\\/nederlands-paspoort-naturalisatie\\\/#breadcrumb\",\"itemListElement\":[{\"@type\":\"ListItem\",\"position\":1,\"name\":\"Home\",\"item\":\"https:\\\/\\\/www.rdadvocaten.nl\\\/\"},{\"@type\":\"ListItem\",\"position\":2,\"name\":\"Vreemdelingenrecht\",\"item\":\"https:\\\/\\\/www.rdadvocaten.nl\\\/vreemdelingenrecht\\\/\"},{\"@type\":\"ListItem\",\"position\":3,\"name\":\"Regulier\",\"item\":\"https:\\\/\\\/www.rdadvocaten.nl\\\/vreemdelingenrecht\\\/regulier\\\/\"},{\"@type\":\"ListItem\",\"position\":4,\"name\":\"Nederlands paspoort (naturalisatie)\"}]},{\"@type\":\"WebSite\",\"@id\":\"https:\\\/\\\/www.rdadvocaten.nl\\\/#website\",\"url\":\"https:\\\/\\\/www.rdadvocaten.nl\\\/\",\"name\":\"RD Advocaten\",\"description\":\"\",\"potentialAction\":[{\"@type\":\"SearchAction\",\"target\":{\"@type\":\"EntryPoint\",\"urlTemplate\":\"https:\\\/\\\/www.rdadvocaten.nl\\\/?s={search_term_string}\"},\"query-input\":{\"@type\":\"PropertyValueSpecification\",\"valueRequired\":true,\"valueName\":\"search_term_string\"}}],\"inLanguage\":\"tr\"}]}<\/script>\n<!-- \/ Yoast SEO plugin. -->","yoast_head_json":{"title":"Nederlands paspoort (naturalisatie) - RD Advocaten","robots":{"index":"index","follow":"follow","max-snippet":"max-snippet:-1","max-image-preview":"max-image-preview:large","max-video-preview":"max-video-preview:-1"},"canonical":"https:\/\/www.rdadvocaten.nl\/tr\/vreemdelingenrecht\/regulier\/nederlands-paspoort-naturalisatie\/","og_locale":"tr_TR","og_type":"article","og_title":"Nederlands paspoort (naturalisatie) - RD Advocaten","og_url":"https:\/\/www.rdadvocaten.nl\/tr\/vreemdelingenrecht\/regulier\/nederlands-paspoort-naturalisatie\/","og_site_name":"RD Advocaten","article_modified_time":"2023-04-03T16:16:06+00:00","twitter_card":"summary_large_image","schema":{"@context":"https:\/\/schema.org","@graph":[{"@type":"WebPage","@id":"https:\/\/www.rdadvocaten.nl\/vreemdelingenrecht\/regulier\/nederlands-paspoort-naturalisatie\/","url":"https:\/\/www.rdadvocaten.nl\/vreemdelingenrecht\/regulier\/nederlands-paspoort-naturalisatie\/","name":"Nederlands paspoort (naturalisatie) - RD Advocaten","isPartOf":{"@id":"https:\/\/www.rdadvocaten.nl\/#website"},"datePublished":"2023-03-21T09:47:38+00:00","dateModified":"2023-04-03T16:16:06+00:00","breadcrumb":{"@id":"https:\/\/www.rdadvocaten.nl\/vreemdelingenrecht\/regulier\/nederlands-paspoort-naturalisatie\/#breadcrumb"},"inLanguage":"tr","potentialAction":[{"@type":"ReadAction","target":["https:\/\/www.rdadvocaten.nl\/vreemdelingenrecht\/regulier\/nederlands-paspoort-naturalisatie\/"]}]},{"@type":"BreadcrumbList","@id":"https:\/\/www.rdadvocaten.nl\/vreemdelingenrecht\/regulier\/nederlands-paspoort-naturalisatie\/#breadcrumb","itemListElement":[{"@type":"ListItem","position":1,"name":"Home","item":"https:\/\/www.rdadvocaten.nl\/"},{"@type":"ListItem","position":2,"name":"Vreemdelingenrecht","item":"https:\/\/www.rdadvocaten.nl\/vreemdelingenrecht\/"},{"@type":"ListItem","position":3,"name":"Regulier","item":"https:\/\/www.rdadvocaten.nl\/vreemdelingenrecht\/regulier\/"},{"@type":"ListItem","position":4,"name":"Nederlands paspoort (naturalisatie)"}]},{"@type":"WebSite","@id":"https:\/\/www.rdadvocaten.nl\/#website","url":"https:\/\/www.rdadvocaten.nl\/","name":"RD Advocaten","description":"","potentialAction":[{"@type":"SearchAction","target":{"@type":"EntryPoint","urlTemplate":"https:\/\/www.rdadvocaten.nl\/?s={search_term_string}"},"query-input":{"@type":"PropertyValueSpecification","valueRequired":true,"valueName":"search_term_string"}}],"inLanguage":"tr"}]}},"_links":{"self":[{"href":"https:\/\/www.rdadvocaten.nl\/tr\/wp-json\/wp\/v2\/pages\/245","targetHints":{"allow":["GET"]}}],"collection":[{"href":"https:\/\/www.rdadvocaten.nl\/tr\/wp-json\/wp\/v2\/pages"}],"about":[{"href":"https:\/\/www.rdadvocaten.nl\/tr\/wp-json\/wp\/v2\/types\/page"}],"author":[{"embeddable":true,"href":"https:\/\/www.rdadvocaten.nl\/tr\/wp-json\/wp\/v2\/users\/1"}],"replies":[{"embeddable":true,"href":"https:\/\/www.rdadvocaten.nl\/tr\/wp-json\/wp\/v2\/comments?post=245"}],"version-history":[{"count":4,"href":"https:\/\/www.rdadvocaten.nl\/tr\/wp-json\/wp\/v2\/pages\/245\/revisions"}],"predecessor-version":[{"id":413,"href":"https:\/\/www.rdadvocaten.nl\/tr\/wp-json\/wp\/v2\/pages\/245\/revisions\/413"}],"up":[{"embeddable":true,"href":"https:\/\/www.rdadvocaten.nl\/tr\/wp-json\/wp\/v2\/pages\/94"}],"wp:attachment":[{"href":"https:\/\/www.rdadvocaten.nl\/tr\/wp-json\/wp\/v2\/media?parent=245"}],"curies":[{"name":"wp","href":"https:\/\/api.w.org\/{rel}","templated":true}]}}